{"id":18,"date":"2026-06-22T14:23:23","date_gmt":"2026-06-22T12:23:23","guid":{"rendered":"https:\/\/syrnyk.ch\/product\/pate-de-fromage-a-la-vanille\/"},"modified":"2026-08-20T22:01:10","modified_gmt":"2026-08-20T20:01:10","slug":"pate-de-fromage-a-la-vanille","status":"publish","type":"product","link":"https:\/\/syrnyk.ch\/ru\/product\/pate-de-fromage-a-la-vanille\/","title":{"rendered":"\u0422\u0432\u043e\u0440\u043e\u0436\u043d\u0430\u044f \u043c\u0430\u0441\u0441\u0430 \u0441\u043b\u0430\u0434\u043a\u0430\u044f \u0432\u0430\u043d\u0438\u043b\u044c\u043d\u0430\u044f"},"content":{"rendered":"<p style=\"text-align: center;\" class=\"translation-block\"><strong>\u0421\u043e\u0441\u0442\u0430\u0432 \u043f\u0440\u043e\u0434\u0443\u043a\u0442\u0430:<\/strong><br>\u0422\u0432\u043e\u0440\u043e\u0433 16% \u0436\u0438\u0440\u043d\u043e\u0441\u0442\u0438 (\u0438\u0437 \u0441\u044b\u0440\u043e\u0433\u043e \u043a\u043e\u0440\u043e\u0432\u044c\u0435\u0433\u043e \u043c\u043e\u043b\u043e\u043a\u0430, \u043c\u043e\u043b\u043e\u0447\u043d\u043e\u043a\u0438\u0441\u043b\u044b\u0435 \u0431\u0430\u043a\u0442\u0435\u0440\u0438\u0438), \u0441\u043b\u0438\u0432\u043e\u0447\u043d\u043e\u0435 \u043c\u0430\u0441\u043b\u043e 82% \u0436\u0438\u0440\u043d\u043e\u0441\u0442\u0438, \u0441\u0430\u0445\u0430\u0440\u043d\u0430\u044f \u043f\u0443\u0434\u0440\u0430, \u0432\u0430\u043d\u0438\u043b\u0438\u043d.<br>\u0410\u043b\u043b\u0435\u0440\u0433\u0435\u043d\u044b: \u043c\u043e\u043b\u043e\u043a\u043e.<br><strong>\u041f\u0438\u0449\u0435\u0432\u0430\u044f \u0438 \u044d\u043d\u0435\u0440\u0433\u0435\u0442\u0438\u0447\u0435\u0441\u043a\u0430\u044f \u0446\u0435\u043d\u043d\u043e\u0441\u0442\u044c \u043d\u0430 100 \u0433 \u043f\u0440\u043e\u0434\u0443\u043a\u0442\u0430:<\/strong><br>\u042d\u043d\u0435\u0440\u0433\u0435\u0442\u0438\u0447\u0435\u0441\u043a\u0430\u044f \u0446\u0435\u043d\u043d\u043e\u0441\u0442\u044c \u2014 \u2248 310 \u043a\u043a\u0430\u043b<br>\u0411\u0435\u043b\u043a\u0438 \u2014 \u2248 15,0 \u0433<br>\u0416\u0438\u0440\u044b \u2014 \u2248 22,0 \u0433<br>\u0423\u0433\u043b\u0435\u0432\u043e\u0434\u044b \u2014 \u2248 12,5 \u0433<br>\u0421\u0440\u043e\u043a \u0433\u043e\u0434\u043d\u043e\u0441\u0442\u0438: \u0443\u043a\u0430\u0437\u0430\u043d \u043d\u0430 \u0443\u043f\u0430\u043a\u043e\u0432\u043a\u0435.<br>\u0423\u0441\u043b\u043e\u0432\u0438\u044f \u0445\u0440\u0430\u043d\u0435\u043d\u0438\u044f: \u0445\u0440\u0430\u043d\u0438\u0442\u044c \u0432 \u0445\u043e\u043b\u043e\u0434\u0438\u043b\u044c\u043d\u0438\u043a\u0435 \u043f\u0440\u0438 \u0442\u0435\u043c\u043f\u0435\u0440\u0430\u0442\u0443\u0440\u0435 \u043e\u0442 +2 \u00b0C \u0434\u043e +6 \u00b0C \u043d\u0435 \u0431\u043e\u043b\u0435\u0435 10 \u0434\u043d\u0435\u0439 \u0441 \u0434\u0430\u0442\u044b \u043f\u0440\u043e\u0438\u0437\u0432\u043e\u0434\u0441\u0442\u0432\u0430.<br>\u041f\u0440\u043e\u0438\u0437\u0432\u043e\u0434\u0438\u0442\u0435\u043b\u044c: SYRNYK Association<br>\u0410\u0434\u0440\u0435\u0441 \u043f\u0440\u043e\u0438\u0437\u0432\u043e\u0434\u0441\u0442\u0432\u0430: \u0428\u0432\u0435\u0439\u0446\u0430\u0440\u0438\u044f, 1266 Burtigny, rte Matagasses, 32<br><strong>\u0421\u043f\u043e\u0441\u043e\u0431 \u0443\u043f\u043e\u0442\u0440\u0435\u0431\u043b\u0435\u043d\u0438\u044f:<\/strong><br>\u041f\u0440\u043e\u0434\u0443\u043a\u0442 \u0433\u043e\u0442\u043e\u0432 \u043a \u0443\u043f\u043e\u0442\u0440\u0435\u0431\u043b\u0435\u043d\u0438\u044e.<br><strong>\u041f\u043e\u0434\u0430\u0447\u0430:<\/strong><br>\u041f\u043e\u0434\u0430\u0432\u0430\u0442\u044c \u043e\u0445\u043b\u0430\u0436\u0434\u0451\u043d\u043d\u044b\u043c \u0438\u043b\u0438 \u043a\u043e\u043c\u043d\u0430\u0442\u043d\u043e\u0439 \u0442\u0435\u043c\u043f\u0435\u0440\u0430\u0442\u0443\u0440\u044b \u2014 \u043a\u0430\u043a \u0441\u0430\u043c\u043e\u0441\u0442\u043e\u044f\u0442\u0435\u043b\u044c\u043d\u044b\u0439 \u0434\u0435\u0441\u0435\u0440\u0442 \u0438\u043b\u0438 \u0441 \u044f\u0433\u043e\u0434\u0430\u043c\u0438, \u0441\u0432\u0435\u0436\u0438\u043c\u0438 \u0444\u0440\u0443\u043a\u0442\u0430\u043c\u0438, \u043c\u0451\u0434\u043e\u043c, \u0434\u0436\u0435\u043c\u043e\u043c, \u0448\u043e\u043a\u043e\u043b\u0430\u0434\u043e\u043c, \u0441\u0443\u0445\u043e\u0444\u0440\u0443\u043a\u0442\u0430\u043c\u0438, \u0430 \u0442\u0430\u043a\u0436\u0435 \u0441 \u0431\u043b\u0438\u043d\u0430\u043c\u0438, \u0442\u043e\u0441\u0442\u0430\u043c\u0438 \u0438\u043b\u0438 \u0441\u0432\u0435\u0436\u0435\u0439 \u0432\u044b\u043f\u0435\u0447\u043a\u043e\u0439.<\/p>","protected":false},"excerpt":{"rendered":"<p>Composition du produit :Fromage frais acidul\u00e9 16 % de mati\u00e8re grasse (\u00e0 base de lait cru de vache, ferments lactiques), beurre 82 % de mati\u00e8re grasse, sucre glace, vanilline.Allerg\u00e8nes : lait.Valeurs nutritionnelles et \u00e9nerg\u00e9tiques pour 100 g de produit :Valeur \u00e9nerg\u00e9tique \u2014 \u2248 310 kcalProt\u00e9ines \u2014 \u2248 15,0 gMati\u00e8res grasses \u2014 \u2248 22,0 gGlucides \u2014 [&hellip;]<\/p>\n","protected":false},"featured_media":857,"comment_status":"open","ping_status":"closed","template":"","meta":{"_acf_changed":false},"product_brand":[],"product_cat":[18,16,62],"product_tag":[],"class_list":["post-18","product","type-product","status-publish","has-post-thumbnail","product_cat-desserts","product_cat-fromages","product_cat-sucre","first","instock","shipping-taxable","purchasable","product-type-simple"],"acf":[],"aioseo_notices":[],"aioseo_head":"\n\t\t<!-- All in One SEO 4.9.8 - aioseo.com -->\n\t<meta name=\"description\" content=\"P\u00e2te de fromage \u00e0 la vanille artisanale SYRNYK. Dessert au fromage frais, onctueux et naturel, disponible en livraison \u00e0 Gen\u00e8ve, Lausanne et Vaud.\" \/>\n\t<meta name=\"robots\" content=\"max-image-preview:large\" \/>\n\t<link rel=\"canonical\" href=\"https:\/\/syrnyk.ch\/ru\/product\/pate-de-fromage-a-la-vanille\/\" \/>\n\t<meta name=\"generator\" content=\"All in One SEO (AIOSEO) 4.9.8\" \/>\n\t\t<meta property=\"og:locale\" content=\"ru_RU\" \/>\n\t\t<meta property=\"og:site_name\" content=\"SYRNYK - Produits artisanaux ukrainiens \u00e0 Gen\u00e8ve, Lausanne et dans le canton de Vaud\" \/>\n\t\t<meta property=\"og:type\" content=\"article\" \/>\n\t\t<meta property=\"og:title\" content=\"P\u00e2te de fromage \u00e0 la vanille Gen\u00e8ve Lausanne | SYRNYK\" \/>\n\t\t<meta property=\"og:description\" content=\"P\u00e2te de fromage \u00e0 la vanille artisanale SYRNYK. Dessert au fromage frais, onctueux et naturel, disponible en livraison \u00e0 Gen\u00e8ve, Lausanne et Vaud.\" \/>\n\t\t<meta property=\"og:url\" content=\"https:\/\/syrnyk.ch\/ru\/product\/pate-de-fromage-a-la-vanille\/\" \/>\n\t\t<meta property=\"article:published_time\" content=\"2026-06-22T12:23:23+00:00\" \/>\n\t\t<meta property=\"article:modified_time\" content=\"2026-08-20T20:01:10+00:00\" \/>\n\t\t<meta name=\"twitter:card\" content=\"summary_large_image\" \/>\n\t\t<meta name=\"twitter:title\" content=\"P\u00e2te de fromage \u00e0 la vanille Gen\u00e8ve Lausanne | SYRNYK\" \/>\n\t\t<meta name=\"twitter:description\" content=\"P\u00e2te de fromage \u00e0 la vanille artisanale SYRNYK. Dessert au fromage frais, onctueux et naturel, disponible en livraison \u00e0 Gen\u00e8ve, Lausanne et Vaud.\" \/>\n\t\t<script type=\"application\/ld+json\" class=\"aioseo-schema\">\n\t\t\t{\"@context\":\"https:\\\/\\\/schema.org\",\"@graph\":[{\"@type\":\"BreadcrumbList\",\"@id\":\"https:\\\/\\\/syrnyk.ch\\\/ru\\\/product\\\/pate-de-fromage-a-la-vanille\\\/#breadcrumblist\",\"itemListElement\":[{\"@type\":\"ListItem\",\"@id\":\"https:\\\/\\\/syrnyk.ch\\\/ru#listItem\",\"position\":1,\"name\":\"Home\",\"item\":\"https:\\\/\\\/syrnyk.ch\\\/ru\",\"nextItem\":{\"@type\":\"ListItem\",\"@id\":\"https:\\\/\\\/syrnyk.ch\\\/ru\\\/product-category\\\/fromages\\\/#listItem\",\"name\":\"Fromages\"}},{\"@type\":\"ListItem\",\"@id\":\"https:\\\/\\\/syrnyk.ch\\\/ru\\\/product-category\\\/fromages\\\/#listItem\",\"position\":2,\"name\":\"Fromages\",\"item\":\"https:\\\/\\\/syrnyk.ch\\\/ru\\\/product-category\\\/fromages\\\/\",\"nextItem\":{\"@type\":\"ListItem\",\"@id\":\"https:\\\/\\\/syrnyk.ch\\\/ru\\\/product\\\/pate-de-fromage-a-la-vanille\\\/#listItem\",\"name\":\"P\\u00e2te de fromage \\u00e0 la vanille sucr\\u00e9\"},\"previousItem\":{\"@type\":\"ListItem\",\"@id\":\"https:\\\/\\\/syrnyk.ch\\\/ru#listItem\",\"name\":\"Home\"}},{\"@type\":\"ListItem\",\"@id\":\"https:\\\/\\\/syrnyk.ch\\\/ru\\\/product\\\/pate-de-fromage-a-la-vanille\\\/#listItem\",\"position\":3,\"name\":\"P\\u00e2te de fromage \\u00e0 la vanille sucr\\u00e9\",\"previousItem\":{\"@type\":\"ListItem\",\"@id\":\"https:\\\/\\\/syrnyk.ch\\\/ru\\\/product-category\\\/fromages\\\/#listItem\",\"name\":\"Fromages\"}}]},{\"@type\":\"ItemPage\",\"@id\":\"https:\\\/\\\/syrnyk.ch\\\/ru\\\/product\\\/pate-de-fromage-a-la-vanille\\\/#itempage\",\"url\":\"https:\\\/\\\/syrnyk.ch\\\/ru\\\/product\\\/pate-de-fromage-a-la-vanille\\\/\",\"name\":\"P\\u00e2te de fromage \\u00e0 la vanille Gen\\u00e8ve Lausanne | SYRNYK\",\"description\":\"P\\u00e2te de fromage \\u00e0 la vanille artisanale SYRNYK. Dessert au fromage frais, onctueux et naturel, disponible en livraison \\u00e0 Gen\\u00e8ve, Lausanne et Vaud.\",\"inLanguage\":\"ru-RU\",\"isPartOf\":{\"@id\":\"https:\\\/\\\/syrnyk.ch\\\/ru\\\/#website\"},\"breadcrumb\":{\"@id\":\"https:\\\/\\\/syrnyk.ch\\\/ru\\\/product\\\/pate-de-fromage-a-la-vanille\\\/#breadcrumblist\"},\"image\":{\"@type\":\"ImageObject\",\"url\":\"https:\\\/\\\/syrnyk.ch\\\/wp-content\\\/uploads\\\/2026\\\/06\\\/\\u0441\\u044b\\u0440\\u043d\\u0430\\u044f-\\u043c\\u0430\\u0441\\u0441\\u04302-1.png?wsr\",\"@id\":\"https:\\\/\\\/syrnyk.ch\\\/ru\\\/product\\\/pate-de-fromage-a-la-vanille\\\/#mainImage\",\"width\":1000,\"height\":664},\"primaryImageOfPage\":{\"@id\":\"https:\\\/\\\/syrnyk.ch\\\/ru\\\/product\\\/pate-de-fromage-a-la-vanille\\\/#mainImage\"},\"datePublished\":\"2026-06-22T14:23:23+02:00\",\"dateModified\":\"2026-08-20T22:01:10+02:00\"},{\"@type\":\"Organization\",\"@id\":\"https:\\\/\\\/syrnyk.ch\\\/ru\\\/#organization\",\"name\":\"SYRNYK\",\"description\":\"Produits artisanaux ukrainiens \\u00e0 Gen\\u00e8ve, Lausanne et dans le canton de Vaud\",\"url\":\"https:\\\/\\\/syrnyk.ch\\\/ru\\\/\"},{\"@type\":\"WebSite\",\"@id\":\"https:\\\/\\\/syrnyk.ch\\\/ru\\\/#website\",\"url\":\"https:\\\/\\\/syrnyk.ch\\\/ru\\\/\",\"name\":\"SYRNYK\",\"description\":\"Produits artisanaux ukrainiens \\u00e0 Gen\\u00e8ve, Lausanne et dans le canton de Vaud\",\"inLanguage\":\"ru-RU\",\"publisher\":{\"@id\":\"https:\\\/\\\/syrnyk.ch\\\/ru\\\/#organization\"}}]}\n\t\t<\/script>\n\t\t<!-- All in One SEO -->\n\n","aioseo_head_json":{"title":"\u0421\u044b\u0440\u043d\u0430\u044f \u043f\u0430\u0441\u0442\u0430 \u0441 \u0432\u0430\u043d\u0438\u043b\u044c\u044e, \u0416\u0435\u043d\u0435\u0432\u0430, \u041b\u043e\u0437\u0430\u043d\u043d\u0430 | SYRNYK","description":"\u0421\u044b\u0440\u043d\u0430\u044f \u043f\u0430\u0441\u0442\u0430 \u0441 \u0432\u0430\u043d\u0438\u043b\u044c\u044e \u0440\u0443\u0447\u043d\u043e\u0439 \u0440\u0430\u0431\u043e\u0442\u044b SYRNYK. \u0414\u0435\u0441\u0435\u0440\u0442 \u0438\u0437 \u0441\u0432\u0435\u0436\u0435\u0433\u043e, \u043d\u0435\u0436\u043d\u043e\u0433\u043e \u0438 \u043d\u0430\u0442\u0443\u0440\u0430\u043b\u044c\u043d\u043e\u0433\u043e \u0441\u044b\u0440\u0430, \u0434\u043e\u0441\u0442\u0443\u043f\u0435\u043d \u0434\u043b\u044f \u0434\u043e\u0441\u0442\u0430\u0432\u043a\u0438 \u0432 \u0416\u0435\u043d\u0435\u0432\u0443, \u041b\u043e\u0437\u0430\u043d\u043d\u0443 \u0438 \u043a\u0430\u043d\u0442\u043e\u043d \u0412\u043e.","canonical_url":"https:\/\/syrnyk.ch\/ru\/product\/pate-de-fromage-a-la-vanille\/","robots":"max-image-preview:large","keywords":"","webmasterTools":{"miscellaneous":""},"schema":{"@context":"https:\/\/schema.org","@graph":[{"@type":"BreadcrumbList","@id":"https:\/\/syrnyk.ch\/ru\/product\/pate-de-fromage-a-la-vanille\/#breadcrumblist","itemListElement":[{"@type":"ListItem","@id":"https:\/\/syrnyk.ch\/ru#listItem","position":1,"name":"Home","item":"https:\/\/syrnyk.ch\/ru","nextItem":{"@type":"ListItem","@id":"https:\/\/syrnyk.ch\/ru\/product-category\/fromages\/#listItem","name":"Fromages"}},{"@type":"ListItem","@id":"https:\/\/syrnyk.ch\/ru\/product-category\/fromages\/#listItem","position":2,"name":"Fromages","item":"https:\/\/syrnyk.ch\/ru\/product-category\/fromages\/","nextItem":{"@type":"ListItem","@id":"https:\/\/syrnyk.ch\/ru\/product\/pate-de-fromage-a-la-vanille\/#listItem","name":"P\u00e2te de fromage \u00e0 la vanille sucr\u00e9"},"previousItem":{"@type":"ListItem","@id":"https:\/\/syrnyk.ch\/ru#listItem","name":"Home"}},{"@type":"ListItem","@id":"https:\/\/syrnyk.ch\/ru\/product\/pate-de-fromage-a-la-vanille\/#listItem","position":3,"name":"P\u00e2te de fromage \u00e0 la vanille sucr\u00e9","previousItem":{"@type":"ListItem","@id":"https:\/\/syrnyk.ch\/ru\/product-category\/fromages\/#listItem","name":"Fromages"}}]},{"@type":"ItemPage","@id":"https:\/\/syrnyk.ch\/ru\/product\/pate-de-fromage-a-la-vanille\/#itempage","url":"https:\/\/syrnyk.ch\/ru\/product\/pate-de-fromage-a-la-vanille\/","name":"P\u00e2te de fromage \u00e0 la vanille Gen\u00e8ve Lausanne | SYRNYK","description":"P\u00e2te de fromage \u00e0 la vanille artisanale SYRNYK. Dessert au fromage frais, onctueux et naturel, disponible en livraison \u00e0 Gen\u00e8ve, Lausanne et Vaud.","inLanguage":"ru-RU","isPartOf":{"@id":"https:\/\/syrnyk.ch\/ru\/#website"},"breadcrumb":{"@id":"https:\/\/syrnyk.ch\/ru\/product\/pate-de-fromage-a-la-vanille\/#breadcrumblist"},"image":{"@type":"ImageObject","url":"https:\/\/syrnyk.ch\/wp-content\/uploads\/2026\/06\/\u0441\u044b\u0440\u043d\u0430\u044f-\u043c\u0430\u0441\u0441\u04302-1.png?wsr","@id":"https:\/\/syrnyk.ch\/ru\/product\/pate-de-fromage-a-la-vanille\/#mainImage","width":1000,"height":664},"primaryImageOfPage":{"@id":"https:\/\/syrnyk.ch\/ru\/product\/pate-de-fromage-a-la-vanille\/#mainImage"},"datePublished":"2026-06-22T14:23:23+02:00","dateModified":"2026-08-20T22:01:10+02:00"},{"@type":"Organization","@id":"https:\/\/syrnyk.ch\/ru\/#organization","name":"SYRNYK","description":"Produits artisanaux ukrainiens \u00e0 Gen\u00e8ve, Lausanne et dans le canton de Vaud","url":"https:\/\/syrnyk.ch\/ru\/"},{"@type":"WebSite","@id":"https:\/\/syrnyk.ch\/ru\/#website","url":"https:\/\/syrnyk.ch\/ru\/","name":"SYRNYK","description":"Produits artisanaux ukrainiens \u00e0 Gen\u00e8ve, Lausanne et dans le canton de Vaud","inLanguage":"ru-RU","publisher":{"@id":"https:\/\/syrnyk.ch\/ru\/#organization"}}]},"og:locale":"ru_RU","og:site_name":"SYRNYK - Produits artisanaux ukrainiens \u00e0 Gen\u00e8ve, Lausanne et dans le canton de Vaud","og:type":"article","og:title":"P\u00e2te de fromage \u00e0 la vanille Gen\u00e8ve Lausanne | SYRNYK","og:description":"P\u00e2te de fromage \u00e0 la vanille artisanale SYRNYK. Dessert au fromage frais, onctueux et naturel, disponible en livraison \u00e0 Gen\u00e8ve, Lausanne et Vaud.","og:url":"https:\/\/syrnyk.ch\/ru\/product\/pate-de-fromage-a-la-vanille\/","article:published_time":"2026-06-22T12:23:23+00:00","article:modified_time":"2026-08-20T20:01:10+00:00","twitter:card":"summary_large_image","twitter:title":"P\u00e2te de fromage \u00e0 la vanille Gen\u00e8ve Lausanne | SYRNYK","twitter:description":"P\u00e2te de fromage \u00e0 la vanille artisanale SYRNYK. Dessert au fromage frais, onctueux et naturel, disponible en livraison \u00e0 Gen\u00e8ve, Lausanne et Vaud."},"aioseo_meta_data":{"post_id":"18","title":"\u0421\u044b\u0440\u043d\u0430\u044f \u043f\u0430\u0441\u0442\u0430 \u0441 \u0432\u0430\u043d\u0438\u043b\u044c\u044e, \u0416\u0435\u043d\u0435\u0432\u0430, \u041b\u043e\u0437\u0430\u043d\u043d\u0430 | SYRNYK","description":"\u0421\u044b\u0440\u043d\u0430\u044f \u043f\u0430\u0441\u0442\u0430 \u0441 \u0432\u0430\u043d\u0438\u043b\u044c\u044e \u0440\u0443\u0447\u043d\u043e\u0439 \u0440\u0430\u0431\u043e\u0442\u044b SYRNYK. \u0414\u0435\u0441\u0435\u0440\u0442 \u0438\u0437 \u0441\u0432\u0435\u0436\u0435\u0433\u043e, \u043d\u0435\u0436\u043d\u043e\u0433\u043e \u0438 \u043d\u0430\u0442\u0443\u0440\u0430\u043b\u044c\u043d\u043e\u0433\u043e \u0441\u044b\u0440\u0430, \u0434\u043e\u0441\u0442\u0443\u043f\u0435\u043d \u0434\u043b\u044f \u0434\u043e\u0441\u0442\u0430\u0432\u043a\u0438 \u0432 \u0416\u0435\u043d\u0435\u0432\u0443, \u041b\u043e\u0437\u0430\u043d\u043d\u0443 \u0438 \u043a\u0430\u043d\u0442\u043e\u043d \u0412\u043e.","keywords":null,"keyphrases":{"focus":{"keyphrase":"P\u00e2te de fromage \u00e0 la vanille","score":64,"analysis":{"keyphraseInTitle":{"score":9,"maxScore":9,"error":0},"keyphraseInDescription":{"score":9,"maxScore":9,"error":0},"keyphraseLength":{"score":6,"maxScore":9,"error":1,"length":6},"keyphraseInURL":{"score":5,"maxScore":5,"error":0},"keyphraseInIntroduction":{"score":3,"maxScore":9,"error":1},"keyphraseInSubHeadings":[],"keyphraseInImageAlt":[],"keywordDensity":{"score":0,"type":"low","maxScore":9,"error":1}}},"additional":[]},"primary_term":null,"canonical_url":null,"og_title":null,"og_description":null,"og_object_type":"default","og_image_type":"default","og_image_custom_url":null,"og_image_custom_fields":null,"og_image_url":null,"og_image_width":null,"og_image_height":null,"og_video":"","og_custom_url":null,"og_article_section":null,"og_article_tags":null,"twitter_use_og":false,"twitter_card":"default","twitter_image_type":"default","twitter_image_custom_url":null,"twitter_image_custom_fields":null,"twitter_image_url":null,"twitter_title":null,"twitter_description":null,"schema_type":"default","schema_type_options":null,"schema":{"blockGraphs":[],"customGraphs":[],"default":{"data":{"Article":[],"Course":[],"Dataset":[],"FAQPage":[],"Movie":[],"Person":[],"Product":[],"ProductReview":[],"Car":[],"Recipe":[],"Service":[],"SoftwareApplication":[],"WebPage":[]},"graphName":"ItemPage","isEnabled":true},"graphs":[]},"pillar_content":false,"robots_default":true,"robots_noindex":false,"robots_noarchive":false,"robots_nosnippet":false,"robots_nofollow":false,"robots_noimageindex":false,"robots_noodp":false,"robots_notranslate":false,"robots_max_snippet":"-1","robots_max_videopreview":"-1","robots_max_imagepreview":"large","priority":null,"frequency":"default","local_seo":null,"limit_modified_date":false,"ai":{"faqs":[],"keyPoints":[],"schemas":[],"titles":[],"descriptions":[],"socialPosts":{"email":[],"linkedin":[],"twitter":[],"facebook":[],"instagram":[]}},"breadcrumb_settings":null,"seo_analyzer_scan_date":null,"created":"2026-06-22 15:09:54","updated":"2026-08-20 20:45:39"},"aioseo_breadcrumb":"<div class=\"aioseo-breadcrumbs\"><span class=\"aioseo-breadcrumb\">\n\t\t\t<a href=\"https:\/\/syrnyk.ch\/ru\" title=\"Home\">Home<\/a>\n\t\t<\/span><span class=\"aioseo-breadcrumb-separator\">&raquo;<\/span><span class=\"aioseo-breadcrumb\">\n\t\t\t<a href=\"https:\/\/syrnyk.ch\/ru\/product-category\/fromages\/\" title=\"Fromages\">Fromages<\/a>\n\t\t<\/span><span class=\"aioseo-breadcrumb-separator\">&raquo;<\/span><span class=\"aioseo-breadcrumb\">\n\t\t\tP\u00e2te de fromage \u00e0 la vanille sucr\u00e9\n\t\t<\/span><\/div>","aioseo_breadcrumb_json":[{"label":"Home","link":"https:\/\/syrnyk.ch\/ru"},{"label":"Fromages","link":"https:\/\/syrnyk.ch\/ru\/product-category\/fromages\/"},{"label":"P\u00e2te de fromage \u00e0 la vanille sucr\u00e9","link":"https:\/\/syrnyk.ch\/ru\/product\/pate-de-fromage-a-la-vanille\/"}],"_links":{"self":[{"href":"https:\/\/syrnyk.ch\/ru\/wp-json\/wp\/v2\/product\/18","targetHints":{"allow":["GET"]}}],"collection":[{"href":"https:\/\/syrnyk.ch\/ru\/wp-json\/wp\/v2\/product"}],"about":[{"href":"https:\/\/syrnyk.ch\/ru\/wp-json\/wp\/v2\/types\/product"}],"replies":[{"embeddable":true,"href":"https:\/\/syrnyk.ch\/ru\/wp-json\/wp\/v2\/comments?post=18"}],"wp:featuredmedia":[{"embeddable":true,"href":"https:\/\/syrnyk.ch\/ru\/wp-json\/wp\/v2\/media\/857"}],"wp:attachment":[{"href":"https:\/\/syrnyk.ch\/ru\/wp-json\/wp\/v2\/media?parent=18"}],"wp:term":[{"taxonomy":"product_brand","embeddable":true,"href":"https:\/\/syrnyk.ch\/ru\/wp-json\/wp\/v2\/product_brand?post=18"},{"taxonomy":"product_cat","embeddable":true,"href":"https:\/\/syrnyk.ch\/ru\/wp-json\/wp\/v2\/product_cat?post=18"},{"taxonomy":"product_tag","embeddable":true,"href":"https:\/\/syrnyk.ch\/ru\/wp-json\/wp\/v2\/product_tag?post=18"}],"curies":[{"name":"wp","href":"https:\/\/api.w.org\/{rel}","templated":true}]}}